{"id":79,"date":"2016-01-26T10:50:30","date_gmt":"2016-01-26T10:50:30","guid":{"rendered":"http:\/\/escolapiosalcala.es\/ea_centro\/ea_blog\/centro\/?page_id=79"},"modified":"2026-01-13T12:33:34","modified_gmt":"2026-01-13T11:33:34","slug":"doe","status":"publish","type":"page","link":"https:\/\/escolapiosalcala.es\/ea_centro\/ea_blog\/centro\/doe\/","title":{"rendered":"DOE"},"content":{"rendered":"<div class=\"wp-block-image\">\n<figure class=\"aligncenter size-large is-resized\"><img decoding=\"async\" loading=\"lazy\" src=\"https:\/\/escolapiosalcala.es\/ea_centro\/ea_blog\/centro\/wp-content\/uploads\/2024\/02\/3.jpg\" alt=\"\" class=\"wp-image-7775\" width=\"605\" height=\"804\"\/><\/figure><\/div>\n\n\n<div style=\"height:36px\" aria-hidden=\"true\" class=\"wp-block-spacer\"><\/div>\n\n\n\n<h2 class=\"wp-block-heading\"><span style=\"font-family: Helvetica,serif;\"><span style=\"font-size: x-large;\">1. \u00bfQu\u00e9 es el Departamento de Orientaci\u00f3n Educativa?<\/span><\/span><\/h2>\n\n\n\n<p>Es un departamento del Centro especializado en apoyar y coordinar las actuaciones encaminadas a asegurar la formaci\u00f3n integral y una&nbsp; adaptaci\u00f3n de los procesos educativos a las caracter\u00edsticas del alumnado y velar por la atenci\u00f3n a la diversidad.<\/p>\n\n\n<h2><span style=\"font-family: Helvetica,serif;\"><span style=\"font-size: x-large;\">OBJETIVOS GENERALES<\/span><\/span><\/h2>\n\n\n<figure class=\"wp-block-table\"><table><tbody><tr><td><img decoding=\"async\" loading=\"lazy\" class=\"aligncenter wp-image-2169 size-full\" src=\"https:\/\/escolapiosalcala.es\/ea_centro\/ea_blog\/centro\/wp-content\/uploads\/2022\/03\/doe1.png\" alt=\"\" width=\"1108\" height=\"388\"><\/td><\/tr><\/tbody><\/table><\/figure>\n\n\n\n<h2 class=\"wp-block-heading\"><span style=\"font-family: Helvetica,serif;\"><span style=\"font-size: x-large;\">2. Medidas de Atenci\u00f3n a la Diversidad de las que dispone el Centro<\/span><\/span><\/h2>\n\n\n<div class=\"wp-block-image\">\n<figure class=\"aligncenter size-full is-resized\"><a href=\"https:\/\/escolapiosalcala.es\/ea_centro\/ea_blog\/centro\/wp-content\/uploads\/2025\/09\/DOE25-26.png\"><img decoding=\"async\" loading=\"lazy\" src=\"https:\/\/escolapiosalcala.es\/ea_centro\/ea_blog\/centro\/wp-content\/uploads\/2025\/09\/DOE25-26.png\" alt=\"\" class=\"wp-image-10132\" width=\"866\" height=\"740\" srcset=\"https:\/\/escolapiosalcala.es\/ea_centro\/ea_blog\/centro\/wp-content\/uploads\/2025\/09\/DOE25-26.png 634w, https:\/\/escolapiosalcala.es\/ea_centro\/ea_blog\/centro\/wp-content\/uploads\/2025\/09\/DOE25-26-300x256.png 300w\" sizes=\"(max-width: 866px) 100vw, 866px\" \/><\/a><\/figure><\/div>\n\n<div class=\"wp-block-image\">\n<figure class=\"aligncenter size-large\"><a href=\"https:\/\/escolapiosalcala.es\/ea_centro\/ea_blog\/centro\/wp-content\/uploads\/2023\/02\/DOE1-1.png\"><img decoding=\"async\" loading=\"lazy\" width=\"791\" height=\"508\" src=\"https:\/\/escolapiosalcala.es\/ea_centro\/ea_blog\/centro\/wp-content\/uploads\/2023\/02\/DOE1-1.png\" alt=\"\" class=\"wp-image-7782\" srcset=\"https:\/\/escolapiosalcala.es\/ea_centro\/ea_blog\/centro\/wp-content\/uploads\/2023\/02\/DOE1-1.png 791w, https:\/\/escolapiosalcala.es\/ea_centro\/ea_blog\/centro\/wp-content\/uploads\/2023\/02\/DOE1-1-300x193.png 300w, https:\/\/escolapiosalcala.es\/ea_centro\/ea_blog\/centro\/wp-content\/uploads\/2023\/02\/DOE1-1-768x493.png 768w\" sizes=\"(max-width: 791px) 100vw, 791px\" \/><\/a><\/figure><\/div>\n\n\n<h2 class=\"wp-block-heading\"><span style=\"font-family: Helvetica,serif;\"><span style=\"font-size: x-large;\">3. Equipo de Orientaci\u00f3n Educativa del Centro<\/span><\/span><\/h2>\n\n\n<div class=\"wp-block-image\">\n<figure class=\"aligncenter size-full\"><a href=\"https:\/\/escolapiosalcala.es\/ea_centro\/ea_blog\/centro\/wp-content\/uploads\/2026\/01\/DOE2026.png\"><img decoding=\"async\" loading=\"lazy\" width=\"716\" height=\"1024\" src=\"https:\/\/escolapiosalcala.es\/ea_centro\/ea_blog\/centro\/wp-content\/uploads\/2026\/01\/DOE2026.png\" alt=\"\" class=\"wp-image-10365\" srcset=\"https:\/\/escolapiosalcala.es\/ea_centro\/ea_blog\/centro\/wp-content\/uploads\/2026\/01\/DOE2026.png 716w, https:\/\/escolapiosalcala.es\/ea_centro\/ea_blog\/centro\/wp-content\/uploads\/2026\/01\/DOE2026-210x300.png 210w\" sizes=\"(max-width: 716px) 100vw, 716px\" \/><\/a><\/figure><\/div>\n\n\n<h2 class=\"wp-block-heading\"><span style=\"font-family: Helvetica,serif;\"><span style=\"font-size: x-large;\">4. \u00bfA qui\u00e9n van dirigidas nuestras acciones?<\/span><\/span><\/h2>\n\n\n\n<h4 class=\"wp-block-heading\">&nbsp;A ALUMNOS<\/h4>\n\n\n\n<ul>\n<li>Atender a los alumnos con necesidad espec\u00edfica de apoyo educativo.<\/li>\n\n\n\n<li>Prevenir, detectar y derivar, las dificultades de aprendizaje. Realizar el seguimiento de estos alumnos.<\/li>\n\n\n\n<li>Asesorar y orientar en los procesos de toma de decisiones.<\/li>\n\n\n\n<li>Evaluaci\u00f3n Psicopedag\u00f3gicas grupales.<\/li>\n\n\n\n<li>Programas de apoyo y refuerzo en funci\u00f3n de las necesidades del alumnado.<\/li>\n\n\n\n<li>Programa afectivo-sexual.<\/li>\n\n\n\n<li>Dinamizar el Plan de Acci\u00f3n Tutorial para fomentar la educaci\u00f3n integral (Valores, habilidades,\u2026).<\/li>\n\n\n\n<li>Participar en la puesta en pr\u00e1ctica del plan de acogida.<\/li>\n\n\n\n<li>Coordinar los programas de Mejora del Aprendizaje y del Rendimiento, de Apoyo y Refuerzo Educativo, agrupamientos flexibles, apoyo ordinario en \u00e1reas instrumentales y de Audici\u00f3n y Lenguaje.<\/li>\n<\/ul>\n\n\n\n<h4 class=\"wp-block-heading\">&nbsp;A PROFESORES<\/h4>\n\n\n\n<ul>\n<li>Colaborar en la prevenci\u00f3n de los problemas de aprendizaje de los alumnos<\/li>\n\n\n\n<li>Participar en las Juntas de Evaluaci\u00f3n para dar pautas de orientaci\u00f3n sobre decisiones.<\/li>\n\n\n\n<li>Coordinarse con los tutores para hablar de los alumnos con dificultades.<\/li>\n\n\n\n<li>Orientar sobre la elaboraci\u00f3n de Adaptaciones Curriculares.<\/li>\n\n\n\n<li>Desarrollar el Plan de Orientaci\u00f3n Acad\u00e9mica y Profesional (POAP), del centro en coordinaci\u00f3n con los tutores (Consejo Orientador).<\/li>\n<\/ul>\n\n\n\n<h4 class=\"wp-block-heading\">&nbsp;A PADRES<\/h4>\n\n\n\n<ul>\n<li>Colaborar con el AMPA en planificaci\u00f3n y organizaci\u00f3n de la formaci\u00f3n y talleres de padres.<\/li>\n\n\n\n<li>Recibir y orientar a familias, asesorando en pautas de actuaci\u00f3n<\/li>\n\n\n\n<li>Informar a las familias sobre las pruebas psicopedag\u00f3gicas grupales y orientaciones.<\/li>\n<\/ul>\n\n\n\n<h2 class=\"wp-block-heading\"><span style=\"font-family: Helvetica,serif;\"><span style=\"font-size: x-large;\">5. \u00bfC\u00f3mo contactar con nosotros?<\/span><\/span><\/h2>\n\n\n\n<ul>\n<li>A trav\u00e9s de EDUCAMOS<\/li>\n\n\n\n<li>Lo solicitan:<\/li>\n<\/ul>\n\n\n\n<figure class=\"wp-block-table\"><table><tbody><tr><td>\n<h3><img decoding=\"async\" loading=\"lazy\" class=\"aligncenter wp-image-1564 size-full\" src=\"http:\/\/escolapiosalcala.es\/ea_centro\/ea_blog\/centro\/wp-content\/uploads\/2016\/01\/DOEsolic.png\" alt=\"doesolic\" width=\"1142\" height=\"188\" srcset=\"https:\/\/escolapiosalcala.es\/ea_centro\/ea_blog\/centro\/wp-content\/uploads\/2016\/01\/DOEsolic.png 1142w, https:\/\/escolapiosalcala.es\/ea_centro\/ea_blog\/centro\/wp-content\/uploads\/2016\/01\/DOEsolic-300x49.png 300w, https:\/\/escolapiosalcala.es\/ea_centro\/ea_blog\/centro\/wp-content\/uploads\/2016\/01\/DOEsolic-768x126.png 768w, https:\/\/escolapiosalcala.es\/ea_centro\/ea_blog\/centro\/wp-content\/uploads\/2016\/01\/DOEsolic-1024x169.png 1024w\" sizes=\"(max-width: 1142px) 100vw, 1142px\" \/><\/h3>\n<\/td><\/tr><\/tbody><\/table><\/figure>\n\n\n\n<div style=\"height:100px\" aria-hidden=\"true\" class=\"wp-block-spacer\"><\/div>\n\n\n\n<figure class=\"wp-block-embed is-type-video is-provider-youtube wp-block-embed-youtube wp-embed-aspect-16-9 wp-has-aspect-ratio\"><div class=\"wp-block-embed__wrapper\">\n<div class='embed-container'><iframe loading=\"lazy\" title=\"Departamento de Orientaci\u00f3n Escuelas P\u00edas Alcal\u00e1 2023-24\" width=\"1920\" height=\"1080\" src=\"https:\/\/www.youtube.com\/embed\/ENEPI7fHeIc?feature=oembed\" frameborder=\"0\" allow=\"accelerometer; autoplay; clipboard-write; encrypted-media; gyroscope; picture-in-picture; web-share\" allowfullscreen><\/iframe><\/div>\n<\/div><\/figure>\n","protected":false},"excerpt":{"rendered":"<p>1. \u00bfQu\u00e9 es el Departamento de Orientaci\u00f3n Educativa? Es un departamento del Centro especializado en apoyar y coordinar las actuaciones encaminadas a asegurar la formaci\u00f3n integral y una&nbsp; adaptaci\u00f3n de los procesos educativos a las caracter\u00edsticas del alumnado y velar por la atenci\u00f3n a la diversidad. OBJETIVOS GENERALES 2. Medidas de Atenci\u00f3n a la Diversidad&hellip; <br \/> <a class=\"read-more\" href=\"https:\/\/escolapiosalcala.es\/ea_centro\/ea_blog\/centro\/doe\/\">Leer m\u00e1s<\/a><\/p>\n","protected":false},"author":1,"featured_media":0,"parent":0,"menu_order":0,"comment_status":"closed","ping_status":"closed","template":"","meta":[],"_links":{"self":[{"href":"https:\/\/escolapiosalcala.es\/ea_centro\/ea_blog\/centro\/wp-json\/wp\/v2\/pages\/79"}],"collection":[{"href":"https:\/\/escolapiosalcala.es\/ea_centro\/ea_blog\/centro\/wp-json\/wp\/v2\/pages"}],"about":[{"href":"https:\/\/escolapiosalcala.es\/ea_centro\/ea_blog\/centro\/wp-json\/wp\/v2\/types\/page"}],"author":[{"embeddable":true,"href":"https:\/\/escolapiosalcala.es\/ea_centro\/ea_blog\/centro\/wp-json\/wp\/v2\/users\/1"}],"replies":[{"embeddable":true,"href":"https:\/\/escolapiosalcala.es\/ea_centro\/ea_blog\/centro\/wp-json\/wp\/v2\/comments?post=79"}],"version-history":[{"count":53,"href":"https:\/\/escolapiosalcala.es\/ea_centro\/ea_blog\/centro\/wp-json\/wp\/v2\/pages\/79\/revisions"}],"predecessor-version":[{"id":10366,"href":"https:\/\/escolapiosalcala.es\/ea_centro\/ea_blog\/centro\/wp-json\/wp\/v2\/pages\/79\/revisions\/10366"}],"wp:attachment":[{"href":"https:\/\/escolapiosalcala.es\/ea_centro\/ea_blog\/centro\/wp-json\/wp\/v2\/media?parent=79"}],"curies":[{"name":"wp","href":"https:\/\/api.w.org\/{rel}","templated":true}]}}