{"id":5793,"date":"2021-03-01T09:28:16","date_gmt":"2021-03-01T09:28:16","guid":{"rendered":"http:\/\/escolapiosalcala.es\/ea_centro\/ea_blog\/centro\/?page_id=5793"},"modified":"2025-09-25T17:06:21","modified_gmt":"2025-09-25T16:06:21","slug":"aulas-de-atencion-especifica","status":"publish","type":"page","link":"https:\/\/escolapiosalcala.es\/ea_centro\/ea_blog\/centro\/aulas-de-atencion-especifica\/","title":{"rendered":"Aulas de apoyo extenso y especializado para TEA"},"content":{"rendered":"\n<h3 class=\"wp-block-heading has-text-align-center\"><b>CENTRO DE ESCOLARIZACI\u00d3N PREFERENTE DE ALUMNADO CON TRASTORNO DEL <\/b><\/h3>\n\n\n\n<h3 class=\"wp-block-heading has-text-align-center\"><b>ESPECTRO AUTISTA<\/b><\/h3>\n\n\n\n<h3 class=\"wp-block-heading has-text-align-center\"><b>(Aulas de apoyo extenso y especializado para TEA)<\/b><\/h3>\n\n\n<div class=\"wp-block-image\">\n<figure class=\"aligncenter size-large is-resized\"><a href=\"https:\/\/escolapiosalcala.es\/ea_centro\/ea_blog\/centro\/wp-content\/uploads\/2022\/04\/AulaTEA_ESO.png\"><img decoding=\"async\" loading=\"lazy\" src=\"https:\/\/escolapiosalcala.es\/ea_centro\/ea_blog\/centro\/wp-content\/uploads\/2022\/04\/AulaTEA_ESO.png\" alt=\"\" class=\"wp-image-7100\" width=\"872\" height=\"449\" srcset=\"https:\/\/escolapiosalcala.es\/ea_centro\/ea_blog\/centro\/wp-content\/uploads\/2022\/04\/AulaTEA_ESO.png 999w, https:\/\/escolapiosalcala.es\/ea_centro\/ea_blog\/centro\/wp-content\/uploads\/2022\/04\/AulaTEA_ESO-300x155.png 300w, https:\/\/escolapiosalcala.es\/ea_centro\/ea_blog\/centro\/wp-content\/uploads\/2022\/04\/AulaTEA_ESO-768x396.png 768w\" sizes=\"(max-width: 872px) 100vw, 872px\" \/><\/a><\/figure><\/div>\n\n\n<h2 class=\"wp-block-heading\"><span style=\"font-family: Helvetica,serif;\"><span style=\"font-size: x-large;\">Finalidad<\/span><\/span><\/h2>\n\n\n\n<p>\u25cf Facilitar un apoyo intensivo y especializado dentro de una escolarizaci\u00f3n ordinaria.<br>\u25cf Lograr un desarrollo educativo, social y personal del alumno.<\/p>\n\n\n\n<h2 class=\"wp-block-heading\"><span style=\"font-family: Helvetica,serif;\"><span style=\"font-size: x-large;\">Objetivos<\/span><\/span><\/h2>\n\n\n\n<div class=\"wp-block-columns is-layout-flex wp-container-3\">\n<div class=\"wp-block-column is-layout-flow\" style=\"flex-basis:66.66%\">\n<p>\u25cf Alcanzar un nivel curricular para la continuidad formativa y pre-laboral.<br>\u25cf Desarrollar al m\u00e1ximo las competencias, capacidades y habilidades individuales de cada alumno (comunicaci\u00f3n, lenguaje oral, habilidades relacionales, intencionalidad comunicativa, autonom\u00eda, \u2026)<br>\u25cf Favorecer la integraci\u00f3n con sus iguales, generando oportunidades de comunicaci\u00f3n, de aprendizaje social y conductas relacionales.<br>\u25cf Aumentar tiempos de permanencia en el aula de referencia<br>\u25cf Fomentar la adquisici\u00f3n de estrategias que favorezcan de manera positiva la resoluci\u00f3n de situaciones y conflictos sociales.<br>\u25cf Generalizaci\u00f3n de conductas aprendidas a diferentes entornos.<br>\u25cf Disminuci\u00f3n y\/ o desaparici\u00f3n de conductas agresivas y\/o disruptivas e incrementar conductas relacionales adecuadas (aumento tolerancia a la frustraci\u00f3n).<br>\u25cf Favorecer la aceptaci\u00f3n, comprensi\u00f3n y adquisici\u00f3n de normas y\/o comportamientos c\u00edvicos y sociales.<\/p>\n<\/div>\n\n\n\n<div class=\"wp-block-column is-layout-flow\" style=\"flex-basis:33.33%\"><div class=\"wp-block-image\">\n<figure class=\"aligncenter size-full is-resized\"><a href=\"https:\/\/escolapiosalcala.es\/ea_centro\/ea_blog\/centro\/wp-content\/uploads\/2024\/02\/13.png\"><img decoding=\"async\" loading=\"lazy\" src=\"https:\/\/escolapiosalcala.es\/ea_centro\/ea_blog\/centro\/wp-content\/uploads\/2024\/02\/13.png\" alt=\"\" class=\"wp-image-8900\" width=\"353\" height=\"344\" srcset=\"https:\/\/escolapiosalcala.es\/ea_centro\/ea_blog\/centro\/wp-content\/uploads\/2024\/02\/13.png 470w, https:\/\/escolapiosalcala.es\/ea_centro\/ea_blog\/centro\/wp-content\/uploads\/2024\/02\/13-300x292.png 300w\" sizes=\"(max-width: 353px) 100vw, 353px\" \/><\/a><\/figure><\/div>\n\n\n<p><\/p>\n<\/div>\n<\/div>\n\n\n\n<h2 class=\"wp-block-heading\"><span style=\"font-family: Helvetica,serif;\"><span style=\"font-size: x-large;\">Perfil del alumno<\/span><\/span><\/h2>\n\n\n\n<div class=\"wp-block-columns is-layout-flex wp-container-5\">\n<div class=\"wp-block-column is-layout-flow\" style=\"flex-basis:66.66%\">\n<p><\/p>\n\n\n\n<p><\/p>\n\n\n\n<p>\u25cf Alumnos con necesidad educativa especial derivada de Trastorno del Espectro Autista.<br>\u25cf Necesidad de curr\u00edculo adaptado (curricular, social, comunicaci\u00f3n y lenguaje y atenci\u00f3n individualizada)<br>\u25cf Necesidad de apoyos intensivos y especializados durante un tiempo considerable de la jornada escolar.<br>\u25cf Poder responder a contextos normalizados de aprendizaje e integraci\u00f3n social.<br>\u25cf Necesidad de organizaci\u00f3n, estructuraci\u00f3n y adaptaci\u00f3n del contexto escolar.<br>\u25cf Propuesta de equipo de orientaci\u00f3n e informe de la Comisi\u00f3n T\u00e9cnica Interterritorial.<\/p>\n<\/div>\n<\/div>\n\n\n<div class=\"wp-block-image\">\n<figure class=\"aligncenter size-full is-resized\"><img decoding=\"async\" loading=\"lazy\" src=\"https:\/\/escolapiosalcala.es\/ea_centro\/ea_blog\/centro\/wp-content\/uploads\/2025\/09\/15a.png\" alt=\"\" class=\"wp-image-10153\" width=\"1319\" height=\"604\" srcset=\"https:\/\/escolapiosalcala.es\/ea_centro\/ea_blog\/centro\/wp-content\/uploads\/2025\/09\/15a.png 921w, https:\/\/escolapiosalcala.es\/ea_centro\/ea_blog\/centro\/wp-content\/uploads\/2025\/09\/15a-300x137.png 300w, https:\/\/escolapiosalcala.es\/ea_centro\/ea_blog\/centro\/wp-content\/uploads\/2025\/09\/15a-768x352.png 768w\" sizes=\"(max-width: 1319px) 100vw, 1319px\" \/><\/figure><\/div>\n\n<div class=\"wp-block-image\">\n<figure class=\"aligncenter size-large is-resized\"><img decoding=\"async\" loading=\"lazy\" src=\"http:\/\/escolapiosalcala.es\/ea_centro\/ea_blog\/centro\/wp-content\/uploads\/2021\/03\/TEA_2.png\" alt=\"\" class=\"wp-image-5871\" width=\"1231\" height=\"518\" srcset=\"https:\/\/escolapiosalcala.es\/ea_centro\/ea_blog\/centro\/wp-content\/uploads\/2021\/03\/TEA_2.png 755w, https:\/\/escolapiosalcala.es\/ea_centro\/ea_blog\/centro\/wp-content\/uploads\/2021\/03\/TEA_2-300x126.png 300w\" sizes=\"(max-width: 1231px) 100vw, 1231px\" \/><\/figure><\/div>\n\n<div class=\"wp-block-image\">\n<figure class=\"aligncenter size-full is-resized\"><a href=\"https:\/\/escolapiosalcala.es\/ea_centro\/ea_blog\/centro\/wp-content\/uploads\/2024\/02\/0.png\"><img decoding=\"async\" loading=\"lazy\" src=\"https:\/\/escolapiosalcala.es\/ea_centro\/ea_blog\/centro\/wp-content\/uploads\/2024\/02\/0.png\" alt=\"\" class=\"wp-image-8898\" width=\"1122\" height=\"763\" srcset=\"https:\/\/escolapiosalcala.es\/ea_centro\/ea_blog\/centro\/wp-content\/uploads\/2024\/02\/0.png 756w, https:\/\/escolapiosalcala.es\/ea_centro\/ea_blog\/centro\/wp-content\/uploads\/2024\/02\/0-300x204.png 300w\" sizes=\"(max-width: 1122px) 100vw, 1122px\" \/><\/a><\/figure><\/div>\n\n\n<div style=\"height:112px\" aria-hidden=\"true\" class=\"wp-block-spacer\"><\/div>\n\n\n\n<div class=\"wp-block-columns is-layout-flex wp-container-8\">\n<div class=\"wp-block-column is-layout-flow\">\n<h2><span style=\"font-family: Helvetica,serif;\"><span style=\"font-size: x-large;\">Aula &#8220;Pompas&#8221;<\/span><\/span><\/h2>\n\n\n\n<figure class=\"wp-block-embed is-type-video is-provider-youtube wp-block-embed-youtube wp-embed-aspect-16-9 wp-has-aspect-ratio\"><div class=\"wp-block-embed__wrapper\">\n<div class='embed-container'><iframe loading=\"lazy\" title=\"Aula Pompas\" width=\"1920\" height=\"1080\" src=\"https:\/\/www.youtube.com\/embed\/moJcYn2Ph9s?feature=oembed\" frameborder=\"0\" allow=\"accelerometer; autoplay; clipboard-write; encrypted-media; gyroscope; picture-in-picture; web-share\" referrerpolicy=\"strict-origin-when-cross-origin\" allowfullscreen><\/iframe><\/div>\n<\/div><\/figure>\n<\/div>\n\n\n\n<div class=\"wp-block-column is-layout-flow\">\n<h2><span style=\"font-family: Helvetica,serif;\"><span style=\"font-size: x-large;\">Aula &#8220;El Coraz\u00f3n de Escolapios&#8221;<\/span><\/span><\/h2>\n\n\n\n<figure class=\"wp-block-embed is-type-video is-provider-youtube wp-block-embed-youtube wp-embed-aspect-4-3 wp-has-aspect-ratio\"><div class=\"wp-block-embed__wrapper\">\n<div class='embed-container'><iframe loading=\"lazy\" title=\"AULA CORAZ\u00d3N ESCUELAS P\u00cdAS ALCAL\u00c1\" width=\"1920\" height=\"1080\" src=\"https:\/\/www.youtube.com\/embed\/yt91f0F7pQs?feature=oembed\" frameborder=\"0\" allow=\"accelerometer; autoplay; clipboard-write; encrypted-media; gyroscope; picture-in-picture; web-share\" referrerpolicy=\"strict-origin-when-cross-origin\" allowfullscreen><\/iframe><\/div>\n<\/div><\/figure>\n<\/div>\n<\/div>\n","protected":false},"excerpt":{"rendered":"<p>CENTRO DE ESCOLARIZACI\u00d3N PREFERENTE DE ALUMNADO CON TRASTORNO DEL ESPECTRO AUTISTA (Aulas de apoyo extenso y especializado para TEA) Finalidad \u25cf Facilitar un apoyo intensivo y especializado dentro de una escolarizaci\u00f3n ordinaria.\u25cf Lograr un desarrollo educativo, social y personal del alumno. Objetivos \u25cf Alcanzar un nivel curricular para la continuidad formativa y pre-laboral.\u25cf Desarrollar al&hellip; <br \/> <a class=\"read-more\" href=\"https:\/\/escolapiosalcala.es\/ea_centro\/ea_blog\/centro\/aulas-de-atencion-especifica\/\">Leer m\u00e1s<\/a><\/p>\n","protected":false},"author":1,"featured_media":0,"parent":0,"menu_order":0,"comment_status":"closed","ping_status":"closed","template":"","meta":[],"_links":{"self":[{"href":"https:\/\/escolapiosalcala.es\/ea_centro\/ea_blog\/centro\/wp-json\/wp\/v2\/pages\/5793"}],"collection":[{"href":"https:\/\/escolapiosalcala.es\/ea_centro\/ea_blog\/centro\/wp-json\/wp\/v2\/pages"}],"about":[{"href":"https:\/\/escolapiosalcala.es\/ea_centro\/ea_blog\/centro\/wp-json\/wp\/v2\/types\/page"}],"author":[{"embeddable":true,"href":"https:\/\/escolapiosalcala.es\/ea_centro\/ea_blog\/centro\/wp-json\/wp\/v2\/users\/1"}],"replies":[{"embeddable":true,"href":"https:\/\/escolapiosalcala.es\/ea_centro\/ea_blog\/centro\/wp-json\/wp\/v2\/comments?post=5793"}],"version-history":[{"count":40,"href":"https:\/\/escolapiosalcala.es\/ea_centro\/ea_blog\/centro\/wp-json\/wp\/v2\/pages\/5793\/revisions"}],"predecessor-version":[{"id":10156,"href":"https:\/\/escolapiosalcala.es\/ea_centro\/ea_blog\/centro\/wp-json\/wp\/v2\/pages\/5793\/revisions\/10156"}],"wp:attachment":[{"href":"https:\/\/escolapiosalcala.es\/ea_centro\/ea_blog\/centro\/wp-json\/wp\/v2\/media?parent=5793"}],"curies":[{"name":"wp","href":"https:\/\/api.w.org\/{rel}","templated":true}]}}